{"id":5398,"date":"2023-12-19T18:58:33","date_gmt":"2023-12-19T21:58:33","guid":{"rendered":"https:\/\/yogaintegralchile.cl\/academia\/?page_id=5398"},"modified":"2025-12-24T00:36:23","modified_gmt":"2025-12-24T03:36:23","slug":"agendaconfirmacion","status":"publish","type":"page","link":"https:\/\/yogaintegralchile.cl\/academia\/agendaconfirmacion\/","title":{"rendered":"Pagina Gracias Agendamiento"},"content":{"rendered":"<p>[et_pb_section fb_built=\u00bb1&#8243; _builder_version=\u00bb4.24.0&#8243; _module_preset=\u00bbdefault\u00bb background_color=\u00bb#ff6a00&#8243; custom_margin=\u00bb-24px||||false|false\u00bb custom_padding=\u00bb0px||0px||false|false\u00bb hover_enabled=\u00bb0&#8243; locked=\u00bboff\u00bb global_colors_info=\u00bb{}\u00bb sticky_enabled=\u00bb0&#8243;][et_pb_row _builder_version=\u00bb4.22.1&#8243; _module_preset=\u00bbdefault\u00bb custom_padding=\u00bb0px||0px|||\u00bb locked=\u00bboff\u00bb global_colors_info=\u00bb{}\u00bb][et_pb_column type=\u00bb4_4&#8243; _builder_version=\u00bb4.22.1&#8243; _module_preset=\u00bbdefault\u00bb custom_padding=\u00bb30px||||false|false\u00bb global_colors_info=\u00bb{}\u00bb][et_pb_counters bar_bg_color=\u00bb#2b4c7d\u00bb _builder_version=\u00bb4.24.0&#8243; _module_preset=\u00bbdefault\u00bb background_layout=\u00bbdark\u00bb custom_margin=\u00bb||12px||false|false\u00bb global_colors_info=\u00bb{}\u00bb][et_pb_counter percent=\u00bb50&#8243; _builder_version=\u00bb4.17.3&#8243; _module_preset=\u00bbdefault\u00bb global_colors_info=\u00bb{}\u00bb bar_background_color_default=\u00bb#2b4c7d\u00bb use_percentages=\u00bbon\u00bb]50% Completado[\/et_pb_counter][\/et_pb_counters][et_pb_text _builder_version=\u00bb4.24.0&#8243; _module_preset=\u00bbdefault\u00bb header_font_size=\u00bb24px\u00bb text_orientation=\u00bbcenter\u00bb background_layout=\u00bbdark\u00bb global_colors_info=\u00bb{}\u00bb]<\/p>\n<h1>Felicitaciones, estas a un paso de tu Sesi\u00f3n Gratuita<\/h1>\n<p>[\/et_pb_text][\/et_pb_column][\/et_pb_row][\/et_pb_section][et_pb_section fb_built=\u00bb1&#8243; _builder_version=\u00bb4.16.0&#8243; _module_preset=\u00bbdefault\u00bb custom_padding=\u00bb0px||0px|||\u00bb locked=\u00bboff\u00bb global_colors_info=\u00bb{}\u00bb][et_pb_row _builder_version=\u00bb4.24.0&#8243; _module_preset=\u00bbdefault\u00bb custom_margin=\u00bb15px||-20px||false|false\u00bb custom_padding=\u00bb0px||||false|false\u00bb locked=\u00bboff\u00bb global_colors_info=\u00bb{}\u00bb][et_pb_column type=\u00bb4_4&#8243; _builder_version=\u00bb4.17.4&#8243; _module_preset=\u00bbdefault\u00bb global_colors_info=\u00bb{}\u00bb][et_pb_video src=\u00bbhttps:\/\/vimeo.com\/1115882926\/c297632409?fl=tl&#038;fe=ec\u00bb _builder_version=\u00bb4.24.0&#8243; _module_preset=\u00bbdefault\u00bb custom_margin=\u00bb-10px||||false|false\u00bb locked=\u00bboff\u00bb global_colors_info=\u00bb{}\u00bb][\/et_pb_video][et_pb_text _builder_version=\u00bb4.24.0&#8243; _module_preset=\u00bbdefault\u00bb text_line_height=\u00bb1em\u00bb header_font_size=\u00bb16px\u00bb text_orientation=\u00bbjustified\u00bb custom_margin=\u00bb-13px|-10px||-10px|false|false\u00bb custom_padding=\u00bb0px||||false|false\u00bb hover_enabled=\u00bb0&#8243; locked=\u00bboff\u00bb global_colors_info=\u00bb{}\u00bb sticky_enabled=\u00bb0&#8243;]<\/p>\n<p class=\"p1\"><span class=\"s1\"><span class=\"s1\" style=\"font-size: 16px;\">ELIGE D\u00cdA Y HORA EN EL CALENDARIO ABAJO. E<\/span><\/span>n la sesi\u00f3n te vamos a guiar como si ya fueras parte del programa: Te ayudaremos a ordenar lo que ya sabes, compartiremos informaci\u00f3n actualizada y por d\u00f3nde comenzar seg\u00fan tu realidad. Queremos que salgas de la sesi\u00f3n con una nueva perspectiva, claridad y pasos concretos para avanzar.<\/p>\n<p class=\"p1\"><span class=\"s1\" style=\"font-size: 16px;\">Si no encuentras un horario, escr\u00edbeme al<\/span><span style=\"font-size: 16px;\"> <\/span><strong><a href=\"https:\/\/wa.me\/56948864710\">WhatsApp <\/a><a href=\"https:\/\/wa.me\/56948864710\">AC\u00c1<\/a>.<\/strong><\/p>\n<p>[\/et_pb_text][et_pb_text _builder_version=\u00bb4.24.0&#8243; _module_preset=\u00bbdefault\u00bb text_line_height=\u00bb1em\u00bb header_font_size=\u00bb16px\u00bb text_orientation=\u00bbjustified\u00bb custom_margin=\u00bb-18px|-10px||-10px|false|false\u00bb custom_padding=\u00bb0px||||false|false\u00bb hover_enabled=\u00bb0&#8243; locked=\u00bboff\u00bb global_colors_info=\u00bb{}\u00bb sticky_enabled=\u00bb0&#8243;]<\/p>\n<p class=\"p1\"><span class=\"s1\">Reserva s\u00f3lo si est\u00e1s lista\/o para Avanzar con el Yoga.<\/span><\/p>\n<p>[\/et_pb_text][\/et_pb_column][\/et_pb_row][et_pb_row _builder_version=\u00bb4.24.0&#8243; _module_preset=\u00bbdefault\u00bb custom_margin=\u00bb-40px||||false|false\u00bb locked=\u00bboff\u00bb global_colors_info=\u00bb{}\u00bb][et_pb_column type=\u00bb4_4&#8243; _builder_version=\u00bb4.24.0&#8243; _module_preset=\u00bbdefault\u00bb global_colors_info=\u00bb{}\u00bb][et_pb_code _builder_version=\u00bb4.24.0&#8243; _module_preset=\u00bbdefault\u00bb custom_margin=\u00bb-20px||||false|false\u00bb global_colors_info=\u00bb{}\u00bb]<!-- Principio del widget integrado de Calendly --><!-- [et_pb_line_break_holder] --><\/p>\n<div class=\"calendly-inline-widget\" data-url=\"https:\/\/calendly.com\/carlosyogaintegralchile\/45min\" style=\"min-width:320px;height:700px;\"><\/div>\n<p><!-- [et_pb_line_break_holder] --><script type=\"text\/javascript\" src=\"https:\/\/assets.calendly.com\/assets\/external\/widget.js\" async><\/script><!-- [et_pb_line_break_holder] --><!-- Final del widget integrado de Calendly -->[\/et_pb_code][\/et_pb_column][\/et_pb_row][et_pb_row _builder_version=\u00bb4.24.0&#8243; _module_preset=\u00bbdefault\u00bb custom_margin=\u00bb-30px||||false|false\u00bb locked=\u00bboff\u00bb global_colors_info=\u00bb{}\u00bb][et_pb_column type=\u00bb4_4&#8243; _builder_version=\u00bb4.24.0&#8243; _module_preset=\u00bbdefault\u00bb global_colors_info=\u00bb{}\u00bb][\/et_pb_column][\/et_pb_row][\/et_pb_section][et_pb_section fb_built=\u00bb1&#8243; _builder_version=\u00bb4.24.0&#8243; _module_preset=\u00bbdefault\u00bb background_color=\u00bb#d85a00&#8243; min_height=\u00bb145px\u00bb height=\u00bb50px\u00bb max_height=\u00bb50px\u00bb custom_margin=\u00bb||||false|false\u00bb custom_padding=\u00bb0px||33px||false|false\u00bb locked=\u00bboff\u00bb global_colors_info=\u00bb{}\u00bb][et_pb_row _builder_version=\u00bb4.22.1&#8243; _module_preset=\u00bbdefault\u00bb min_height=\u00bb60px\u00bb height=\u00bb50px\u00bb max_height=\u00bb50px\u00bb custom_padding=\u00bb16px||12px|||\u00bb global_colors_info=\u00bb{}\u00bb][et_pb_column type=\u00bb4_4&#8243; _builder_version=\u00bb4.17.4&#8243; _module_preset=\u00bbdefault\u00bb global_colors_info=\u00bb{}\u00bb][et_pb_divider show_divider=\u00bboff\u00bb _builder_version=\u00bb4.17.4&#8243; _module_preset=\u00bbdefault\u00bb custom_padding=\u00bb||0px|||\u00bb global_colors_info=\u00bb{}\u00bb][\/et_pb_divider][et_pb_text _builder_version=\u00bb4.24.0&#8243; _module_preset=\u00bbdefault\u00bb text_text_color=\u00bb#ffffff\u00bb text_font_size=\u00bb14px\u00bb text_line_height=\u00bb1.5em\u00bb text_orientation=\u00bbcenter\u00bb custom_margin=\u00bb8px||4px||false|false\u00bb custom_padding=\u00bb||30px||false|false\u00bb global_colors_info=\u00bb{}\u00bb]<\/p>\n<p>\u00a9 Copyright 2025<br \/>Sociedad Chilena de Yoga Integral<br \/>Santiago, Chile<br \/>2008 &#8211; 2025<\/p>\n<p>Miembro de la Federaci\u00f3n Internacional de Yoga<\/p>\n<p>[\/et_pb_text][\/et_pb_column][\/et_pb_row][\/et_pb_section][et_pb_section fb_built=\u00bb1&#8243; _builder_version=\u00bb4.24.0&#8243; _module_preset=\u00bbdefault\u00bb background_color=\u00bb#d85a00&#8243; min_height=\u00bb82px\u00bb height=\u00bb50px\u00bb max_height=\u00bb50px\u00bb custom_margin=\u00bb-1px||-23px||false|false\u00bb custom_padding=\u00bb0px||26px||false|false\u00bb locked=\u00bboff\u00bb global_colors_info=\u00bb{}\u00bb][\/et_pb_section]<\/p>\n","protected":false},"excerpt":{"rendered":"<p>50% CompletadoFelicitaciones, estas a un paso de tu Sesi\u00f3n GratuitaELIGE D\u00cdA Y HORA EN EL CALENDARIO ABAJO. En la sesi\u00f3n te vamos a guiar como si ya fueras parte del programa: Te ayudaremos a ordenar lo que ya sabes, compartiremos informaci\u00f3n actualizada y por d\u00f3nde comenzar seg\u00fan tu realidad. Queremos que salgas de la sesi\u00f3n [&hellip;]<\/p>\n","protected":false},"author":5,"featured_media":0,"parent":0,"menu_order":0,"comment_status":"closed","ping_status":"closed","template":"page-template-blank.php","meta":{"_et_pb_use_builder":"on","_et_pb_old_content":"","_et_gb_content_width":"","footnotes":""},"class_list":["post-5398","page","type-page","status-publish","hentry"],"yoast_head":"<!-- This site is optimized with the Yoast SEO plugin v27.5 - https:\/\/yoast.com\/product\/yoast-seo-wordpress\/ -->\n<title>Pagina Gracias Agendamiento - Sociedad Chilena de Yoga Integral<\/title>\n<meta name=\"robots\" content=\"index, follow, max-snippet:-1, max-image-preview:large, max-video-preview:-1\" \/>\n<link rel=\"canonical\" href=\"https:\/\/yogaintegralchile.cl\/academia\/agendaconfirmacion\/\" \/>\n<meta property=\"og:locale\" content=\"es_ES\" \/>\n<meta property=\"og:type\" content=\"article\" \/>\n<meta property=\"og:title\" content=\"Pagina Gracias Agendamiento - Sociedad Chilena de Yoga Integral\" \/>\n<meta property=\"og:description\" content=\"50% CompletadoFelicitaciones, estas a un paso de tu Sesi\u00f3n GratuitaELIGE D\u00cdA Y HORA EN EL CALENDARIO ABAJO. En la sesi\u00f3n te vamos a guiar como si ya fueras parte del programa: Te ayudaremos a ordenar lo que ya sabes, compartiremos informaci\u00f3n actualizada y por d\u00f3nde comenzar seg\u00fan tu realidad. Queremos que salgas de la sesi\u00f3n [&hellip;]\" \/>\n<meta property=\"og:url\" content=\"https:\/\/yogaintegralchile.cl\/academia\/agendaconfirmacion\/\" \/>\n<meta property=\"og:site_name\" content=\"Sociedad Chilena de Yoga Integral\" \/>\n<meta property=\"article:modified_time\" content=\"2025-12-24T03:36:23+00:00\" \/>\n<meta name=\"twitter:card\" content=\"summary_large_image\" \/>\n<meta name=\"twitter:label1\" content=\"Tiempo de lectura\" \/>\n\t<meta name=\"twitter:data1\" content=\"4 minutos\" \/>\n<script type=\"application\/ld+json\" class=\"yoast-schema-graph\">{\"@context\":\"https:\\\/\\\/schema.org\",\"@graph\":[{\"@type\":\"WebPage\",\"@id\":\"https:\\\/\\\/yogaintegralchile.cl\\\/academia\\\/agendaconfirmacion\\\/\",\"url\":\"https:\\\/\\\/yogaintegralchile.cl\\\/academia\\\/agendaconfirmacion\\\/\",\"name\":\"Pagina Gracias Agendamiento - Sociedad Chilena de Yoga Integral\",\"isPartOf\":{\"@id\":\"https:\\\/\\\/yogaintegralchile.cl\\\/academia\\\/#website\"},\"datePublished\":\"2023-12-19T21:58:33+00:00\",\"dateModified\":\"2025-12-24T03:36:23+00:00\",\"breadcrumb\":{\"@id\":\"https:\\\/\\\/yogaintegralchile.cl\\\/academia\\\/agendaconfirmacion\\\/#breadcrumb\"},\"inLanguage\":\"es\",\"potentialAction\":[{\"@type\":\"ReadAction\",\"target\":[\"https:\\\/\\\/yogaintegralchile.cl\\\/academia\\\/agendaconfirmacion\\\/\"]}]},{\"@type\":\"BreadcrumbList\",\"@id\":\"https:\\\/\\\/yogaintegralchile.cl\\\/academia\\\/agendaconfirmacion\\\/#breadcrumb\",\"itemListElement\":[{\"@type\":\"ListItem\",\"position\":1,\"name\":\"Portada\",\"item\":\"https:\\\/\\\/yogaintegralchile.cl\\\/academia\\\/\"},{\"@type\":\"ListItem\",\"position\":2,\"name\":\"Pagina Gracias Agendamiento\"}]},{\"@type\":\"WebSite\",\"@id\":\"https:\\\/\\\/yogaintegralchile.cl\\\/academia\\\/#website\",\"url\":\"https:\\\/\\\/yogaintegralchile.cl\\\/academia\\\/\",\"name\":\"Sociedad Chilena de Yoga Integral\",\"description\":\"Cursos y talleres de Yoga\",\"potentialAction\":[{\"@type\":\"SearchAction\",\"target\":{\"@type\":\"EntryPoint\",\"urlTemplate\":\"https:\\\/\\\/yogaintegralchile.cl\\\/academia\\\/?s={search_term_string}\"},\"query-input\":{\"@type\":\"PropertyValueSpecification\",\"valueRequired\":true,\"valueName\":\"search_term_string\"}}],\"inLanguage\":\"es\"}]}<\/script>\n<!-- \/ Yoast SEO plugin. -->","yoast_head_json":{"title":"Pagina Gracias Agendamiento - Sociedad Chilena de Yoga Integral","robots":{"index":"index","follow":"follow","max-snippet":"max-snippet:-1","max-image-preview":"max-image-preview:large","max-video-preview":"max-video-preview:-1"},"canonical":"https:\/\/yogaintegralchile.cl\/academia\/agendaconfirmacion\/","og_locale":"es_ES","og_type":"article","og_title":"Pagina Gracias Agendamiento - Sociedad Chilena de Yoga Integral","og_description":"50% CompletadoFelicitaciones, estas a un paso de tu Sesi\u00f3n GratuitaELIGE D\u00cdA Y HORA EN EL CALENDARIO ABAJO. En la sesi\u00f3n te vamos a guiar como si ya fueras parte del programa: Te ayudaremos a ordenar lo que ya sabes, compartiremos informaci\u00f3n actualizada y por d\u00f3nde comenzar seg\u00fan tu realidad. Queremos que salgas de la sesi\u00f3n [&hellip;]","og_url":"https:\/\/yogaintegralchile.cl\/academia\/agendaconfirmacion\/","og_site_name":"Sociedad Chilena de Yoga Integral","article_modified_time":"2025-12-24T03:36:23+00:00","twitter_card":"summary_large_image","twitter_misc":{"Tiempo de lectura":"4 minutos"},"schema":{"@context":"https:\/\/schema.org","@graph":[{"@type":"WebPage","@id":"https:\/\/yogaintegralchile.cl\/academia\/agendaconfirmacion\/","url":"https:\/\/yogaintegralchile.cl\/academia\/agendaconfirmacion\/","name":"Pagina Gracias Agendamiento - Sociedad Chilena de Yoga Integral","isPartOf":{"@id":"https:\/\/yogaintegralchile.cl\/academia\/#website"},"datePublished":"2023-12-19T21:58:33+00:00","dateModified":"2025-12-24T03:36:23+00:00","breadcrumb":{"@id":"https:\/\/yogaintegralchile.cl\/academia\/agendaconfirmacion\/#breadcrumb"},"inLanguage":"es","potentialAction":[{"@type":"ReadAction","target":["https:\/\/yogaintegralchile.cl\/academia\/agendaconfirmacion\/"]}]},{"@type":"BreadcrumbList","@id":"https:\/\/yogaintegralchile.cl\/academia\/agendaconfirmacion\/#breadcrumb","itemListElement":[{"@type":"ListItem","position":1,"name":"Portada","item":"https:\/\/yogaintegralchile.cl\/academia\/"},{"@type":"ListItem","position":2,"name":"Pagina Gracias Agendamiento"}]},{"@type":"WebSite","@id":"https:\/\/yogaintegralchile.cl\/academia\/#website","url":"https:\/\/yogaintegralchile.cl\/academia\/","name":"Sociedad Chilena de Yoga Integral","description":"Cursos y talleres de Yoga","potentialAction":[{"@type":"SearchAction","target":{"@type":"EntryPoint","urlTemplate":"https:\/\/yogaintegralchile.cl\/academia\/?s={search_term_string}"},"query-input":{"@type":"PropertyValueSpecification","valueRequired":true,"valueName":"search_term_string"}}],"inLanguage":"es"}]}},"_links":{"self":[{"href":"https:\/\/yogaintegralchile.cl\/academia\/wp-json\/wp\/v2\/pages\/5398","targetHints":{"allow":["GET"]}}],"collection":[{"href":"https:\/\/yogaintegralchile.cl\/academia\/wp-json\/wp\/v2\/pages"}],"about":[{"href":"https:\/\/yogaintegralchile.cl\/academia\/wp-json\/wp\/v2\/types\/page"}],"author":[{"embeddable":true,"href":"https:\/\/yogaintegralchile.cl\/academia\/wp-json\/wp\/v2\/users\/5"}],"replies":[{"embeddable":true,"href":"https:\/\/yogaintegralchile.cl\/academia\/wp-json\/wp\/v2\/comments?post=5398"}],"version-history":[{"count":111,"href":"https:\/\/yogaintegralchile.cl\/academia\/wp-json\/wp\/v2\/pages\/5398\/revisions"}],"predecessor-version":[{"id":7955,"href":"https:\/\/yogaintegralchile.cl\/academia\/wp-json\/wp\/v2\/pages\/5398\/revisions\/7955"}],"wp:attachment":[{"href":"https:\/\/yogaintegralchile.cl\/academia\/wp-json\/wp\/v2\/media?parent=5398"}],"curies":[{"name":"wp","href":"https:\/\/api.w.org\/{rel}","templated":true}]}}